{"id":1108,"date":"2019-06-27T14:54:32","date_gmt":"2019-06-27T12:54:32","guid":{"rendered":"http:\/\/www.nextonlus.it\/in-madagascar-perche-fr\/"},"modified":"2019-06-27T14:55:34","modified_gmt":"2019-06-27T12:55:34","slug":"in-madagascar-perche-fr","status":"publish","type":"page","link":"https:\/\/www.nextonlus.it\/fr\/in-madagascar-perche-fr\/","title":{"rendered":"In Madagascar perch\u00e9? fr"},"content":{"rendered":"<div class=\"wpb-content-wrapper\"><p>[vc_row full_width=\u00a0\u00bbstretch_row\u00a0\u00bb css=\u00a0\u00bb.vc_custom_1559900756220{margin-bottom: 0px !important;padding-top: 80px !important;padding-bottom: 80px !important;}\u00a0\u00bb][vc_column][vc_row_inner equal_height=\u00a0\u00bbyes\u00a0\u00bb content_placement=\u00a0\u00bbmiddle\u00a0\u00bb][vc_column_inner width=\u00a0\u00bb1\/2&Prime;]<h2 class=\"boc_heading  al_left  \"  style=\"margin-bottom: 20px;margin-top: 0px;color: #333333;\"><span>Uno degli <strong>ultimi tre<\/strong> Paesi al mondo<\/span><\/h2>[vc_column_text]Il Madagascar \u00e8 un\u2019isola-stato grande 2 volte e mezzo l\u2019Italia. La sua storia geologica con la separazione dal continente africano avvenuta 200 milioni di anni fa, ne ha determinato un\u2019evoluzione biologica ed una storia assolutamente uniche.<\/p>\n<p>Il Madagascar \u00e8 abitato dall\u2019uomo solo da 2000 anni e ha, nei secoli, subito diverse ondate migratorie. I primi popoli arrivati sull\u2019isola provenivano dal Sud-Est Asiatico; successivamente pervenne gente dall\u2019India e quindi dalla Penisola Arabica. I primi a colonizzare il Madagascar furono i Portoghesi, ai quali subentrarono gli Spagnoli ed infine i Francesi. Furono questi a portare i primi neri dal continente africano, come loro schiavi. Da sempre il Madagascar \u00e8 sfruttato, dai Paesi occidentali e dalle Multinazionali, per le sue risorse di legno pregiato, spezie e minerali quali il ferro, uranio, nickel, pietre preziose, ecc..<\/p>\n<p>Il Paese \u00e8 formalmente una Repubblica Presidenziale con circa 30.000.000 di abitanti. Le sue condizioni sociali ed economiche sono arretrate ed il suo PIL pro capite di 329 dollari\/anno ne fa in assoluto uno degli ultimi tre Paesi al mondo.[\/vc_column_text][\/vc_column_inner][vc_column_inner width=\u00a0\u00bb1\/2&Prime;][vc_single_image alignment=\u00a0\u00bbcenter\u00a0\u00bb image=\u00a0\u00bb354&Prime;][\/vc_column_inner][\/vc_row_inner][\/vc_column][\/vc_row][vc_row full_width=\u00a0\u00bbstretch_row\u00a0\u00bb css=\u00a0\u00bb.vc_custom_1560418621210{margin-bottom: 0px !important;border-top-width: 1px !important;border-bottom-width: 1px !important;padding-top: 80px !important;padding-bottom: 80px !important;background-color: #f9f9f9 !important;border-top-color: #e8e8e8 !important;border-top-style: solid !important;border-bottom-color: #e8e8e8 !important;border-bottom-style: solid !important;}\u00a0\u00bb el_id=\u00a0\u00bbperchem\u00a0\u00bb][vc_column]<h2 class=\"boc_heading  center  \"  style=\"margin-bottom: 40px;margin-top: 0px;color: #333333;\"><span>I drammatici parametri della sua realt\u00e0 sono:<\/span><\/h2>[vc_row_inner][vc_column_inner width=\u00a0\u00bb1\/6&Prime;]<div class=\"circ_numbers_holder  center \">\n\t\t\t\t\t<div class=\"circ_counter\" data-color=\"#dd0000\" data-angle=\"\" data-size=\"140\" data-white_text=\"0\">\n\t\t\t\t\t\t<canvas width=140 height=140  data-end-nu=\"50\"><\/canvas>\n\t\t\t\t\t\t<div class=\"circ_counter_text_holder\"><span class=\"circ_counter_text\"  id=\"circ_counter_text7215\"><\/span><span class=\"counter_percent_sign heading_font\">%<\/span><\/div>\n\t\t\t\t\t\t<div class=\"circ_counter_desc\">Anni di attesa di vita (media)<\/div>\n\t\t\t\t\t<\/div>\n\t\t\t\t<\/div>[\/vc_column_inner][vc_column_inner width=\u00a0\u00bb1\/6&Prime;]<div class=\"circ_numbers_holder  center \">\n\t\t\t\t\t<div class=\"circ_counter\" data-color=\"#dd0000\" data-angle=\"\" data-size=\"140\" data-white_text=\"0\">\n\t\t\t\t\t\t<canvas width=140 height=140  data-end-nu=\"4\"><\/canvas>\n\t\t\t\t\t\t<div class=\"circ_counter_text_holder\"><span class=\"circ_counter_text\"  id=\"circ_counter_text8794\"><\/span><span class=\"counter_percent_sign heading_font\">%<\/span><\/div>\n\t\t\t\t\t\t<div class=\"circ_counter_desc\">Tasso di mortalit\u00e0 per parto (stimato)<\/div>\n\t\t\t\t\t<\/div>\n\t\t\t\t<\/div>[\/vc_column_inner][vc_column_inner width=\u00a0\u00bb1\/6&Prime;]<div class=\"circ_numbers_holder  \">\n\t\t\t\t\t<div class=\"circ_counter\" data-color=\"#dd0000\" data-angle=\"\" data-size=\"140\" data-white_text=\"0\">\n\t\t\t\t\t\t<canvas width=140 height=140  data-end-nu=\"12\"><\/canvas>\n\t\t\t\t\t\t<div class=\"circ_counter_text_holder\"><span class=\"circ_counter_text\"  id=\"circ_counter_text695\"><\/span><span class=\"counter_percent_sign heading_font\">%<\/span><\/div>\n\t\t\t\t\t\t<div class=\"circ_counter_desc\">Tasso di mortalit\u00e0 infantile al di sotto dei 5 anni (ufficiale)<\/div>\n\t\t\t\t\t<\/div>\n\t\t\t\t<\/div>[\/vc_column_inner][vc_column_inner width=\u00a0\u00bb1\/6&Prime;]<div class=\"circ_numbers_holder  \">\n\t\t\t\t\t<div class=\"circ_counter\" data-color=\"#dd0000\" data-angle=\"\" data-size=\"140\" data-white_text=\"0\">\n\t\t\t\t\t\t<canvas width=140 height=140  data-end-nu=\"63\"><\/canvas>\n\t\t\t\t\t\t<div class=\"circ_counter_text_holder\"><span class=\"circ_counter_text\"  id=\"circ_counter_text5591\"><\/span><span class=\"counter_percent_sign heading_font\">%<\/span><\/div>\n\t\t\t\t\t\t<div class=\"circ_counter_desc\">Denutrizione<\/div>\n\t\t\t\t\t<\/div>\n\t\t\t\t<\/div>[\/vc_column_inner][vc_column_inner width=\u00a0\u00bb1\/6&Prime;]<div class=\"circ_numbers_holder  \">\n\t\t\t\t\t<div class=\"circ_counter\" data-color=\"#dd0000\" data-angle=\"\" data-size=\"140\" data-white_text=\"0\">\n\t\t\t\t\t\t<canvas width=140 height=140  data-end-nu=\"25\"><\/canvas>\n\t\t\t\t\t\t<div class=\"circ_counter_text_holder\"><span class=\"circ_counter_text\"  id=\"circ_counter_text9337\"><\/span><span class=\"counter_percent_sign heading_font\">%<\/span><\/div>\n\t\t\t\t\t\t<div class=\"circ_counter_desc\">Malaria<\/div>\n\t\t\t\t\t<\/div>\n\t\t\t\t<\/div>[\/vc_column_inner][vc_column_inner width=\u00a0\u00bb1\/6&Prime;]<div class=\"circ_numbers_holder  \">\n\t\t\t\t\t<div class=\"circ_counter\" data-color=\"#dd0000\" data-angle=\"\" data-size=\"140\" data-white_text=\"0\">\n\t\t\t\t\t\t<canvas width=140 height=140  data-end-nu=\"11\"><\/canvas>\n\t\t\t\t\t\t<div class=\"circ_counter_text_holder\"><span class=\"circ_counter_text\"  id=\"circ_counter_text4762\"><\/span><span class=\"counter_percent_sign heading_font\">%<\/span><\/div>\n\t\t\t\t\t\t<div class=\"circ_counter_desc\">Tubercolosi<\/div>\n\t\t\t\t\t<\/div>\n\t\t\t\t<\/div>[\/vc_column_inner][\/vc_row_inner]<div class=\"boc_spacing \" style=\"height: 5px\"><\/div>[vc_row_inner][vc_column_inner width=\u00a0\u00bb1\/6&Prime;][\/vc_column_inner][vc_column_inner width=\u00a0\u00bb1\/6&Prime;]<div class=\"circ_numbers_holder  \">\n\t\t\t\t\t<div class=\"circ_counter\" data-color=\"#dd0000\" data-angle=\"\" data-size=\"140\" data-white_text=\"0\">\n\t\t\t\t\t\t<canvas width=140 height=140  data-end-nu=\"36\"><\/canvas>\n\t\t\t\t\t\t<div class=\"circ_counter_text_holder\"><span class=\"circ_counter_text\"  id=\"circ_counter_text548\"><\/span><span class=\"counter_percent_sign heading_font\">%<\/span><\/div>\n\t\t\t\t\t\t<div class=\"circ_counter_desc\">Parassitosi<\/div>\n\t\t\t\t\t<\/div>\n\t\t\t\t<\/div>[\/vc_column_inner][vc_column_inner width=\u00a0\u00bb1\/6&Prime;]<div class=\"circ_numbers_holder  \">\n\t\t\t\t\t<div class=\"circ_counter\" data-color=\"#dd0000\" data-angle=\"\" data-size=\"140\" data-white_text=\"0\">\n\t\t\t\t\t\t<canvas width=140 height=140  data-end-nu=\"8\"><\/canvas>\n\t\t\t\t\t\t<div class=\"circ_counter_text_holder\"><span class=\"circ_counter_text\"  id=\"circ_counter_text7413\"><\/span><span class=\"counter_percent_sign heading_font\">%<\/span><\/div>\n\t\t\t\t\t\t<div class=\"circ_counter_desc\">Acqua potabile<\/div>\n\t\t\t\t\t<\/div>\n\t\t\t\t<\/div>[\/vc_column_inner][vc_column_inner width=\u00a0\u00bb1\/6&Prime;]<div class=\"circ_numbers_holder  \">\n\t\t\t\t\t<div class=\"circ_counter\" data-color=\"#dd0000\" data-angle=\"\" data-size=\"140\" data-white_text=\"0\">\n\t\t\t\t\t\t<canvas width=140 height=140  data-end-nu=\"20\"><\/canvas>\n\t\t\t\t\t\t<div class=\"circ_counter_text_holder\"><span class=\"circ_counter_text\"  id=\"circ_counter_text8289\"><\/span><span class=\"counter_percent_sign heading_font\">%<\/span><\/div>\n\t\t\t\t\t\t<div class=\"circ_counter_desc\">Accesso alla rete elettrica<\/div>\n\t\t\t\t\t<\/div>\n\t\t\t\t<\/div>[\/vc_column_inner][vc_column_inner width=\u00a0\u00bb1\/6&Prime;]<div class=\"circ_numbers_holder  \">\n\t\t\t\t\t<div class=\"circ_counter\" data-color=\"#dd0000\" data-angle=\"\" data-size=\"140\" data-white_text=\"0\">\n\t\t\t\t\t\t<canvas width=140 height=140  data-end-nu=\"40\"><\/canvas>\n\t\t\t\t\t\t<div class=\"circ_counter_text_holder\"><span class=\"circ_counter_text\"  id=\"circ_counter_text2188\"><\/span><span class=\"counter_percent_sign heading_font\">%<\/span><\/div>\n\t\t\t\t\t\t<div class=\"circ_counter_desc\">Alfabetizzazione<\/div>\n\t\t\t\t\t<\/div>\n\t\t\t\t<\/div>[\/vc_column_inner][vc_column_inner width=\u00a0\u00bb1\/6&Prime;][\/vc_column_inner][\/vc_row_inner]<div class=\"boc_spacing \" style=\"height: 5px\"><\/div>[vc_row_inner][vc_column_inner width=\u00a0\u00bb1\/4&Prime;]<div class=\"boc_list_item  \" >\n\t\t\t\t\t<span class=\"li_icon large \" style=\"\"><i class=\"icon icon-arrow-right6\" style=\"color: #dd0000;\"><\/i><\/span>\n\t\t\t\t\t<div class=\"boc_list_item_text large\"><span style=\"font-size: 20px;\"><strong>Colera<\/strong><\/span><br \/>\nendemico in alcune zone<\/div>\n\t\t\t\t   <\/div>[\/vc_column_inner][vc_column_inner width=\u00a0\u00bb1\/4&Prime;]<div class=\"boc_list_item  \" >\n\t\t\t\t\t<span class=\"li_icon large \" style=\"\"><i class=\"icon icon-arrow-right6\" style=\"color: #dd0000;\"><\/i><\/span>\n\t\t\t\t\t<div class=\"boc_list_item_text large\"><span style=\"font-size: 20px;\"><strong>Lebbra:<\/strong><\/span><br \/>\n50.000 malati<\/div>\n\t\t\t\t   <\/div>[\/vc_column_inner][vc_column_inner width=\u00a0\u00bb1\/4&Prime;]<div class=\"boc_list_item  \" >\n\t\t\t\t\t<span class=\"li_icon large \" style=\"\"><i class=\"icon icon-arrow-right6\" style=\"color: #dd0000;\"><\/i><\/span>\n\t\t\t\t\t<div class=\"boc_list_item_text large\"><span style=\"font-size: 20px;\"><strong>Peste<\/strong><\/span><br \/>\nfocolai nel Nord \u2013 500 casi\/anno<\/div>\n\t\t\t\t   <\/div>[\/vc_column_inner][vc_column_inner width=\u00a0\u00bb1\/4&Prime;]<div class=\"boc_list_item  \" >\n\t\t\t\t\t<span class=\"li_icon large \" style=\"\"><i class=\"icon icon-arrow-right6\" style=\"color: #dd0000;\"><\/i><\/span>\n\t\t\t\t\t<div class=\"boc_list_item_text large\"><span style=\"font-size: 20px;\"><strong>Reddito pro capite<\/strong><\/span><br \/>\n270 euro\/anno<\/div>\n\t\t\t\t   <\/div>[\/vc_column_inner][\/vc_row_inner][\/vc_column][\/vc_row][vc_row full_width=\u00a0\u00bbstretch_row_content_no_spaces\u00a0\u00bb][vc_column][vc_row_inner equal_height=\u00a0\u00bbyes\u00a0\u00bb content_placement=\u00a0\u00bbmiddle\u00a0\u00bb][vc_column_inner width=\u00a0\u00bb1\/2&Prime; css=\u00a0\u00bb.vc_custom_1560762925296{border-top-width: 1px !important;border-bottom-width: 1px !important;padding-top: 60px !important;padding-right: 40px !important;padding-bottom: 60px !important;padding-left: 40px !important;background-color: #fcfcfc !important;border-top-color: #ededed !important;border-top-style: solid !important;border-bottom-color: #ededed !important;border-bottom-style: solid !important;}\u00a0\u00bb]<h2 class=\"boc_heading  al_left  \"  style=\"margin-bottom: 20px;margin-top: 0px;color: #333333;\"><span>In Sistema Sanitario Nazionale<\/span><\/h2><div class=\"boc_divider_holder\"><div class=\"boc_divider  \"  style=\"margin-top: 20px;margin-bottom: 20px;width: 40px;height: 2px;background: #dd0000;\"><\/div><\/div>[vc_column_text]La gravit\u00e0 della situazione epidemiologica in Madagascar \u00e8 riconducibile all\u2019inaccessibilit\u00e0 del sistema sanitario nazionale ed alla sua inefficienza. L\u201980% dei malati che si recano nelle strutture sanitarie non ha i mezzi per sostenere il costo delle cure; chi invece \u00e8 in grado di usufruirne riceve un servizio di qualit\u00e0 scadente.<\/p>\n<p>Ci\u00f2 non sorprende se si considera che <strong>il finanziamento che lo Stato destina alla Sanit\u00e0 Pubblica corrisponde a 5 euro pro capite all\u2019anno<\/strong>, una cifra irrisoria e insufficiente a garantire la presenza di personale qualificato, l\u2019approvvigionamento delle medicine essenziali e l\u2019adeguato equipaggiamento delle strutture. Tale livello di spesa impone che il costo di ospedalizzazione e medicalizzazione ricada interamente sul malato e si traduca non solo nel pagamento della prestazione medica, ma anche di tutto ci\u00f2 che \u00e8 necessario per una eventuale operazione chirurgica, dai farmaci al filo di sutura. Infine, accanto al costo delle cure anche la distanza \u00e8 un problema serio, se si pensa al numero insufficiente di strutture sanitarie esistenti e all\u2019assenza di servizi di trasporto pubblici e di auto-ambulanze.<\/p>\n<p>Difronte a una situazione cos\u00ec drammatica e socialmente inaccettabile, il dott. Luigi Bellini ha profuso il suo ingegno e la sua opera, dedicando oltre 20 anni della sua esistenza, nella realizzazione di un complesso medico sanitario e universitario &#8211; quali sono oggi il Centro Diagnostico Le Samaritain e l\u2019ospedale Le Polyclinique Universitaire NEXT &#8211; che potesse offrire a tutti i cittadini malgasci equit\u00e0 e qualit\u00e0 di cure oltre a garantire ai giovani medici malgasci una formazione professionale equiparabile a quella dei loro colleghi europei.[\/vc_column_text][\/vc_column_inner][vc_column_inner width=\u00a0\u00bb1\/2&Prime; css=\u00a0\u00bb.vc_custom_1559902445646{padding-top: 300px !important;padding-bottom: 300px !important;background-image: url(http:\/\/www.nextonlus.it\/wp-content\/uploads\/2019\/06\/madagascar-sist.jpg?id=363) !important;background-position: center !important;background-repeat: no-repeat !important;background-size: cover !important;}\u00a0\u00bb][\/vc_column_inner][\/vc_row_inner][\/vc_column][\/vc_row][vc_row full_width=\u00a0\u00bbstretch_row\u00a0\u00bb gap=\u00a0\u00bb10&Prime; equal_height=\u00a0\u00bbyes\u00a0\u00bb content_placement=\u00a0\u00bbmiddle\u00a0\u00bb css=\u00a0\u00bb.vc_custom_1559903122615{margin-bottom: 0px !important;padding-top: 60px !important;padding-bottom: 60px !important;}\u00a0\u00bb][vc_column width=\u00a0\u00bb2\/3&Prime;]<h2 class=\"boc_heading  al_left  \"  style=\"margin-bottom: 20px;margin-top: 0px;color: #333;\"><span>Area geografica dove opera la <strong>NEXT<\/strong> onlus<\/span><\/h2><div class=\"boc_divider_holder\"><div class=\"boc_divider  \"  style=\"margin-top: 20px;margin-bottom: 20px;width: 40px;height: 2px;background: #e8e8e8;\"><\/div><\/div>[vc_column_text]Il Centro \u201cLe Samaritain\u201d come anche la Clinica di Maternit\u00e0 e Chirurgia attualmente in costruzione si trovano nella Regione DIANA, appartenente alla Provincia di Antsiranana, situata a Nord del Madagascar, ma l\u2019azione della NEXT si estende anche alle regioni limitrofe nel raggio di 400 km dove vivono circa 3.000.000 di persone. Le strutture distano 3 km dal centro-citt\u00e0 di Antsiranana, capitale della provincia omonima (la scelta di tale localit\u00e0 fu stabilita dal Ministero della Salute Malgascio nel 2003). Per raggiungere il complesso sanitario \u00e8 necessario imboccare la strada nazionale 6 (RN6) e percorrerla per 200 m prima di svoltare a sinistra in \u201cRue de la fraternit\u00e9\u201d, dove si trovano il Centro e la Clinica.[\/vc_column_text][\/vc_column][vc_column width=\u00a0\u00bb1\/3&Prime;][vc_single_image alignment=\u00a0\u00bbcenter\u00a0\u00bb image=\u00a0\u00bb367&Prime;][\/vc_column][\/vc_row][vc_row full_width=\u00a0\u00bbstretch_row\u00a0\u00bb enable_overlay=\u00a0\u00bboff\u00a0\u00bb css=\u00a0\u00bb.vc_custom_1559917180859{margin-bottom: 0px !important;padding-top: 20px !important;padding-bottom: 20px !important;background-color: #3a3a3a !important;}\u00a0\u00bb][vc_column el_class=\u00a0\u00bbwhite_text\u00a0\u00bb][vc_row_inner][vc_column_inner width=\u00a0\u00bb1\/2&Prime;][vc_widget_sidebar sidebar_id=\u00a0\u00bbiscriviti\u00a0\u00bb][\/vc_column_inner][vc_column_inner width=\u00a0\u00bb1\/2&Prime;][vc_widget_sidebar sidebar_id=\u00a0\u00bbnewsletter\u00a0\u00bb][\/vc_column_inner][\/vc_row_inner][\/vc_column][\/vc_row]<\/p>\n<\/div>","protected":false},"excerpt":{"rendered":"<p>[vc_row full_width=\u00a0\u00bbstretch_row\u00a0\u00bb css=\u00a0\u00bb.vc_custom_1559900756220{margin-bottom: 0px !important;padding-top: 80px !important;padding-bottom: 80px !important;}\u00a0\u00bb][vc_column][vc_row_inner equal_height=\u00a0\u00bbyes\u00a0\u00bb content_placement=\u00a0\u00bbmiddle\u00a0\u00bb][vc_column_inner width=\u00a0\u00bb1\/2&Prime;][vc_column_text]Il Madagascar \u00e8 un\u2019isola-stato grande 2 volte e mezzo l\u2019Italia. La sua storia geologica con la separazione dal continente africano avvenuta 200 milioni di anni fa, ne ha determinato un\u2019evoluzione biologica ed una storia assolutamente uniche. Il Madagascar \u00e8 abitato dall\u2019uomo solo da 2000 anni e ha, nei secoli,<\/p>\n<div class=\"h10\"><\/div>\n<p><a class=\"more-link2 flat\" href=\"https:\/\/www.nextonlus.it\/fr\/in-madagascar-perche-fr\/\">Read more<\/a><\/p>\n","protected":false},"author":9,"featured_media":0,"parent":0,"menu_order":0,"comment_status":"closed","ping_status":"closed","template":"","meta":{"footnotes":""},"class_list":["post-1108","page","type-page","status-publish","hentry"],"aioseo_notices":[],"_links":{"self":[{"href":"https:\/\/www.nextonlus.it\/fr\/wp-json\/wp\/v2\/pages\/1108","targetHints":{"allow":["GET"]}}],"collection":[{"href":"https:\/\/www.nextonlus.it\/fr\/wp-json\/wp\/v2\/pages"}],"about":[{"href":"https:\/\/www.nextonlus.it\/fr\/wp-json\/wp\/v2\/types\/page"}],"author":[{"embeddable":true,"href":"https:\/\/www.nextonlus.it\/fr\/wp-json\/wp\/v2\/users\/9"}],"replies":[{"embeddable":true,"href":"https:\/\/www.nextonlus.it\/fr\/wp-json\/wp\/v2\/comments?post=1108"}],"version-history":[{"count":1,"href":"https:\/\/www.nextonlus.it\/fr\/wp-json\/wp\/v2\/pages\/1108\/revisions"}],"predecessor-version":[{"id":1109,"href":"https:\/\/www.nextonlus.it\/fr\/wp-json\/wp\/v2\/pages\/1108\/revisions\/1109"}],"wp:attachment":[{"href":"https:\/\/www.nextonlus.it\/fr\/wp-json\/wp\/v2\/media?parent=1108"}],"curies":[{"name":"wp","href":"https:\/\/api.w.org\/{rel}","templated":true}]}}